{"id":1501,"date":"2021-01-31T16:20:02","date_gmt":"2021-01-31T15:20:02","guid":{"rendered":"https:\/\/jeanchristophebattesti.ovh\/home\/?post_type=project&#038;p=1501"},"modified":"2025-01-28T12:32:07","modified_gmt":"2025-01-28T11:32:07","slug":"centre-lecture-jeunesse-de-tourcoing-minuscule","status":"publish","type":"project","link":"https:\/\/jeanchristophebattesti.ovh\/home\/?project=centre-lecture-jeunesse-de-tourcoing-minuscule","title":{"rendered":"Centre lecture jeunesse de Tourcoing"},"content":{"rendered":"<p>[et_pb_section fb_built=\u00a0\u00bb1&Prime; _builder_version=\u00a0\u00bb4.20.0&Prime; _module_preset=\u00a0\u00bbdefault\u00a0\u00bb global_colors_info=\u00a0\u00bb{}\u00a0\u00bb][et_pb_row _builder_version=\u00a0\u00bb4.20.0&Prime; _module_preset=\u00a0\u00bbdefault\u00a0\u00bb global_colors_info=\u00a0\u00bb{}\u00a0\u00bb][et_pb_column type=\u00a0\u00bb4_4&Prime; _builder_version=\u00a0\u00bb4.20.0&Prime; _module_preset=\u00a0\u00bbdefault\u00a0\u00bb global_colors_info=\u00a0\u00bb{}\u00a0\u00bb][et_pb_text quote_border_color=\u00a0\u00bb#006F9F\u00a0\u00bb _builder_version=\u00a0\u00bb4.20.2&Prime; _module_preset=\u00a0\u00bbdefault\u00a0\u00bb custom_padding=\u00a0\u00bb||0px|||\u00a0\u00bb global_colors_info=\u00a0\u00bb{}\u00a0\u00bb]<\/p>\n<h1><span style=\"color: #006f9f;\"><span>Centre lecture jeunesse de Tourcoing<\/span><\/span><\/h1>\n<p><span>\u00c9dit\u00e9e par le centre lecture jeunesse de Tourcoing, cette revue pr\u00e9sente une s\u00e9lection de livres jeunesse et des informations sur les expositions et les manifestations de la r\u00e9gion. <\/span><\/p>\n<blockquote>\n<p><strong><span style=\"color: #006f9f;\">Cr\u00e9ation graphique de la revue <em>minuscule<\/em><\/span><i><br \/><\/i><\/strong>R\u00e9alisation de 23 num\u00e9ros<br \/><span>Triptyque format ferm\u00e9 200 x 270 mm, ouvert 600 x 270 mm<\/span><\/p>\n<\/blockquote>\n<p>[\/et_pb_text][et_pb_image src=\u00a0\u00bbhttps:\/\/jeanchristophebattesti.ovh\/home\/wp-content\/uploads\/2023\/03\/minuscule0.jpg\u00a0\u00bb title_text=\u00a0\u00bbminuscule0&Prime; _builder_version=\u00a0\u00bb4.20.2&Prime; _module_preset=\u00a0\u00bbdefault\u00a0\u00bb global_colors_info=\u00a0\u00bb{}\u00a0\u00bb][\/et_pb_image][et_pb_image src=\u00a0\u00bbhttps:\/\/jeanchristophebattesti.ovh\/home\/wp-content\/uploads\/2023\/03\/minuscule1.jpg\u00a0\u00bb title_text=\u00a0\u00bbMockups Design\u00a0\u00bb _builder_version=\u00a0\u00bb4.20.2&Prime; _module_preset=\u00a0\u00bbdefault\u00a0\u00bb global_colors_info=\u00a0\u00bb{}\u00a0\u00bb][\/et_pb_image][et_pb_image src=\u00a0\u00bbhttps:\/\/jeanchristophebattesti.ovh\/home\/wp-content\/uploads\/2023\/03\/Minuscule2.jpg\u00a0\u00bb title_text=\u00a0\u00bbMockups Design\u00a0\u00bb _builder_version=\u00a0\u00bb4.20.2&Prime; _module_preset=\u00a0\u00bbdefault\u00a0\u00bb global_colors_info=\u00a0\u00bb{}\u00a0\u00bb][\/et_pb_image][et_pb_post_nav _builder_version=\u00a0\u00bb4.27.4&Prime; _module_preset=\u00a0\u00bbdefault\u00a0\u00bb title_text_color=\u00a0\u00bb#006F9F\u00a0\u00bb custom_margin=\u00a0\u00bb15px||15px||false|false\u00a0\u00bb hover_enabled=\u00a0\u00bb0&Prime; global_colors_info=\u00a0\u00bb{}\u00a0\u00bb sticky_enabled=\u00a0\u00bb0&Prime;][\/et_pb_post_nav][\/et_pb_column][\/et_pb_row][\/et_pb_section]<\/p>\n","protected":false},"excerpt":{"rendered":"<p>Centre lecture jeunesse de Tourcoing \u00c9dit\u00e9e par le centre lecture jeunesse de Tourcoing, cette revue pr\u00e9sente une s\u00e9lection de livres jeunesse et des informations sur les expositions et les manifestations de la r\u00e9gion. Cr\u00e9ation graphique de la revue minusculeR\u00e9alisation de 23 num\u00e9rosTriptyque format ferm\u00e9 200 x 270 mm, ouvert 600 x 270 mm<\/p>\n","protected":false},"author":1,"featured_media":1503,"comment_status":"open","ping_status":"closed","template":"","meta":{"_et_pb_use_builder":"on","_et_pb_old_content":"","_et_gb_content_width":"","footnotes":""},"project_category":[],"project_tag":[],"class_list":["post-1501","project","type-project","status-publish","has-post-thumbnail","hentry"],"yoast_head":"<!-- This site is optimized with the Yoast SEO plugin v27.5 - https:\/\/yoast.com\/product\/yoast-seo-wordpress\/ -->\n<title>Centre lecture jeunesse de Tourcoing - Jean-Christophe Battesti<\/title>\n<meta name=\"robots\" content=\"index, follow, max-snippet:-1, max-image-preview:large, max-video-preview:-1\" \/>\n<link rel=\"canonical\" href=\"https:\/\/jeanchristophebattesti.ovh\/home\/?project=centre-lecture-jeunesse-de-tourcoing-minuscule\" \/>\n<meta property=\"og:locale\" content=\"fr_FR\" \/>\n<meta property=\"og:type\" content=\"article\" \/>\n<meta property=\"og:title\" content=\"Centre lecture jeunesse de Tourcoing - Jean-Christophe Battesti\" \/>\n<meta property=\"og:description\" content=\"Centre lecture jeunesse de Tourcoing \u00c9dit\u00e9e par le centre lecture jeunesse de Tourcoing, cette revue pr\u00e9sente une s\u00e9lection de livres jeunesse et des informations sur les expositions et les manifestations de la r\u00e9gion. Cr\u00e9ation graphique de la revue minusculeR\u00e9alisation de 23 num\u00e9rosTriptyque format ferm\u00e9 200 x 270 mm, ouvert 600 x 270 mm\" \/>\n<meta property=\"og:url\" content=\"https:\/\/jeanchristophebattesti.ovh\/home\/?project=centre-lecture-jeunesse-de-tourcoing-minuscule\" \/>\n<meta property=\"og:site_name\" content=\"Jean-Christophe Battesti\" \/>\n<meta property=\"article:modified_time\" content=\"2025-01-28T11:32:07+00:00\" \/>\n<meta property=\"og:image\" content=\"https:\/\/jeanchristophebattesti.ovh\/home\/wp-content\/uploads\/2023\/03\/minuscule.jpg\" \/>\n\t<meta property=\"og:image:width\" content=\"468\" \/>\n\t<meta property=\"og:image:height\" content=\"345\" \/>\n\t<meta property=\"og:image:type\" content=\"image\/jpeg\" \/>\n<meta name=\"twitter:card\" content=\"summary_large_image\" \/>\n<meta name=\"twitter:label1\" content=\"Dur\u00e9e de lecture estim\u00e9e\" \/>\n\t<meta name=\"twitter:data1\" content=\"1 minute\" \/>\n<script type=\"application\/ld+json\" class=\"yoast-schema-graph\">{\"@context\":\"https:\\\/\\\/schema.org\",\"@graph\":[{\"@type\":\"WebPage\",\"@id\":\"https:\\\/\\\/jeanchristophebattesti.ovh\\\/home\\\/?project=centre-lecture-jeunesse-de-tourcoing-minuscule\",\"url\":\"https:\\\/\\\/jeanchristophebattesti.ovh\\\/home\\\/?project=centre-lecture-jeunesse-de-tourcoing-minuscule\",\"name\":\"Centre lecture jeunesse de Tourcoing - Jean-Christophe Battesti\",\"isPartOf\":{\"@id\":\"https:\\\/\\\/jeanchristophebattesti.ovh\\\/home\\\/#website\"},\"primaryImageOfPage\":{\"@id\":\"https:\\\/\\\/jeanchristophebattesti.ovh\\\/home\\\/?project=centre-lecture-jeunesse-de-tourcoing-minuscule#primaryimage\"},\"image\":{\"@id\":\"https:\\\/\\\/jeanchristophebattesti.ovh\\\/home\\\/?project=centre-lecture-jeunesse-de-tourcoing-minuscule#primaryimage\"},\"thumbnailUrl\":\"https:\\\/\\\/jeanchristophebattesti.ovh\\\/home\\\/wp-content\\\/uploads\\\/2023\\\/03\\\/minuscule.jpg\",\"datePublished\":\"2021-01-31T15:20:02+00:00\",\"dateModified\":\"2025-01-28T11:32:07+00:00\",\"breadcrumb\":{\"@id\":\"https:\\\/\\\/jeanchristophebattesti.ovh\\\/home\\\/?project=centre-lecture-jeunesse-de-tourcoing-minuscule#breadcrumb\"},\"inLanguage\":\"fr-FR\",\"potentialAction\":[{\"@type\":\"ReadAction\",\"target\":[\"https:\\\/\\\/jeanchristophebattesti.ovh\\\/home\\\/?project=centre-lecture-jeunesse-de-tourcoing-minuscule\"]}]},{\"@type\":\"ImageObject\",\"inLanguage\":\"fr-FR\",\"@id\":\"https:\\\/\\\/jeanchristophebattesti.ovh\\\/home\\\/?project=centre-lecture-jeunesse-de-tourcoing-minuscule#primaryimage\",\"url\":\"https:\\\/\\\/jeanchristophebattesti.ovh\\\/home\\\/wp-content\\\/uploads\\\/2023\\\/03\\\/minuscule.jpg\",\"contentUrl\":\"https:\\\/\\\/jeanchristophebattesti.ovh\\\/home\\\/wp-content\\\/uploads\\\/2023\\\/03\\\/minuscule.jpg\",\"width\":468,\"height\":345},{\"@type\":\"BreadcrumbList\",\"@id\":\"https:\\\/\\\/jeanchristophebattesti.ovh\\\/home\\\/?project=centre-lecture-jeunesse-de-tourcoing-minuscule#breadcrumb\",\"itemListElement\":[{\"@type\":\"ListItem\",\"position\":1,\"name\":\"Accueil\",\"item\":\"https:\\\/\\\/jeanchristophebattesti.ovh\\\/home\\\/\"},{\"@type\":\"ListItem\",\"position\":2,\"name\":\"Projets\",\"item\":\"https:\\\/\\\/jeanchristophebattesti.ovh\\\/home\\\/?post_type=project\"},{\"@type\":\"ListItem\",\"position\":3,\"name\":\"Centre lecture jeunesse de Tourcoing\"}]},{\"@type\":\"WebSite\",\"@id\":\"https:\\\/\\\/jeanchristophebattesti.ovh\\\/home\\\/#website\",\"url\":\"https:\\\/\\\/jeanchristophebattesti.ovh\\\/home\\\/\",\"name\":\"Jean-Christophe Battesti - Graphiste Freelance\",\"description\":\"Identit\u00e9 visuelle - Supports de communication\",\"publisher\":{\"@id\":\"https:\\\/\\\/jeanchristophebattesti.ovh\\\/home\\\/#\\\/schema\\\/person\\\/3d5e8c72a3ac7796b5c5db3ef306ade8\"},\"potentialAction\":[{\"@type\":\"SearchAction\",\"target\":{\"@type\":\"EntryPoint\",\"urlTemplate\":\"https:\\\/\\\/jeanchristophebattesti.ovh\\\/home\\\/?s={search_term_string}\"},\"query-input\":{\"@type\":\"PropertyValueSpecification\",\"valueRequired\":true,\"valueName\":\"search_term_string\"}}],\"inLanguage\":\"fr-FR\"},{\"@type\":[\"Person\",\"Organization\"],\"@id\":\"https:\\\/\\\/jeanchristophebattesti.ovh\\\/home\\\/#\\\/schema\\\/person\\\/3d5e8c72a3ac7796b5c5db3ef306ade8\",\"name\":\"Jean-Christophe Battesti\",\"image\":{\"@type\":\"ImageObject\",\"inLanguage\":\"fr-FR\",\"@id\":\"https:\\\/\\\/secure.gravatar.com\\\/avatar\\\/7716b285541ce15eeba30e3e760a85301093fc16514e83328debe481c8fba2cc?s=96&d=mm&r=g\",\"url\":\"https:\\\/\\\/secure.gravatar.com\\\/avatar\\\/7716b285541ce15eeba30e3e760a85301093fc16514e83328debe481c8fba2cc?s=96&d=mm&r=g\",\"contentUrl\":\"https:\\\/\\\/secure.gravatar.com\\\/avatar\\\/7716b285541ce15eeba30e3e760a85301093fc16514e83328debe481c8fba2cc?s=96&d=mm&r=g\",\"caption\":\"Jean-Christophe Battesti\"},\"logo\":{\"@id\":\"https:\\\/\\\/secure.gravatar.com\\\/avatar\\\/7716b285541ce15eeba30e3e760a85301093fc16514e83328debe481c8fba2cc?s=96&d=mm&r=g\"}}]}<\/script>\n<!-- \/ Yoast SEO plugin. -->","yoast_head_json":{"title":"Centre lecture jeunesse de Tourcoing - Jean-Christophe Battesti","robots":{"index":"index","follow":"follow","max-snippet":"max-snippet:-1","max-image-preview":"max-image-preview:large","max-video-preview":"max-video-preview:-1"},"canonical":"https:\/\/jeanchristophebattesti.ovh\/home\/?project=centre-lecture-jeunesse-de-tourcoing-minuscule","og_locale":"fr_FR","og_type":"article","og_title":"Centre lecture jeunesse de Tourcoing - Jean-Christophe Battesti","og_description":"Centre lecture jeunesse de Tourcoing \u00c9dit\u00e9e par le centre lecture jeunesse de Tourcoing, cette revue pr\u00e9sente une s\u00e9lection de livres jeunesse et des informations sur les expositions et les manifestations de la r\u00e9gion. Cr\u00e9ation graphique de la revue minusculeR\u00e9alisation de 23 num\u00e9rosTriptyque format ferm\u00e9 200 x 270 mm, ouvert 600 x 270 mm","og_url":"https:\/\/jeanchristophebattesti.ovh\/home\/?project=centre-lecture-jeunesse-de-tourcoing-minuscule","og_site_name":"Jean-Christophe Battesti","article_modified_time":"2025-01-28T11:32:07+00:00","og_image":[{"width":468,"height":345,"url":"https:\/\/jeanchristophebattesti.ovh\/home\/wp-content\/uploads\/2023\/03\/minuscule.jpg","type":"image\/jpeg"}],"twitter_card":"summary_large_image","twitter_misc":{"Dur\u00e9e de lecture estim\u00e9e":"1 minute"},"schema":{"@context":"https:\/\/schema.org","@graph":[{"@type":"WebPage","@id":"https:\/\/jeanchristophebattesti.ovh\/home\/?project=centre-lecture-jeunesse-de-tourcoing-minuscule","url":"https:\/\/jeanchristophebattesti.ovh\/home\/?project=centre-lecture-jeunesse-de-tourcoing-minuscule","name":"Centre lecture jeunesse de Tourcoing - Jean-Christophe Battesti","isPartOf":{"@id":"https:\/\/jeanchristophebattesti.ovh\/home\/#website"},"primaryImageOfPage":{"@id":"https:\/\/jeanchristophebattesti.ovh\/home\/?project=centre-lecture-jeunesse-de-tourcoing-minuscule#primaryimage"},"image":{"@id":"https:\/\/jeanchristophebattesti.ovh\/home\/?project=centre-lecture-jeunesse-de-tourcoing-minuscule#primaryimage"},"thumbnailUrl":"https:\/\/jeanchristophebattesti.ovh\/home\/wp-content\/uploads\/2023\/03\/minuscule.jpg","datePublished":"2021-01-31T15:20:02+00:00","dateModified":"2025-01-28T11:32:07+00:00","breadcrumb":{"@id":"https:\/\/jeanchristophebattesti.ovh\/home\/?project=centre-lecture-jeunesse-de-tourcoing-minuscule#breadcrumb"},"inLanguage":"fr-FR","potentialAction":[{"@type":"ReadAction","target":["https:\/\/jeanchristophebattesti.ovh\/home\/?project=centre-lecture-jeunesse-de-tourcoing-minuscule"]}]},{"@type":"ImageObject","inLanguage":"fr-FR","@id":"https:\/\/jeanchristophebattesti.ovh\/home\/?project=centre-lecture-jeunesse-de-tourcoing-minuscule#primaryimage","url":"https:\/\/jeanchristophebattesti.ovh\/home\/wp-content\/uploads\/2023\/03\/minuscule.jpg","contentUrl":"https:\/\/jeanchristophebattesti.ovh\/home\/wp-content\/uploads\/2023\/03\/minuscule.jpg","width":468,"height":345},{"@type":"BreadcrumbList","@id":"https:\/\/jeanchristophebattesti.ovh\/home\/?project=centre-lecture-jeunesse-de-tourcoing-minuscule#breadcrumb","itemListElement":[{"@type":"ListItem","position":1,"name":"Accueil","item":"https:\/\/jeanchristophebattesti.ovh\/home\/"},{"@type":"ListItem","position":2,"name":"Projets","item":"https:\/\/jeanchristophebattesti.ovh\/home\/?post_type=project"},{"@type":"ListItem","position":3,"name":"Centre lecture jeunesse de Tourcoing"}]},{"@type":"WebSite","@id":"https:\/\/jeanchristophebattesti.ovh\/home\/#website","url":"https:\/\/jeanchristophebattesti.ovh\/home\/","name":"Jean-Christophe Battesti - Graphiste Freelance","description":"Identit\u00e9 visuelle - Supports de communication","publisher":{"@id":"https:\/\/jeanchristophebattesti.ovh\/home\/#\/schema\/person\/3d5e8c72a3ac7796b5c5db3ef306ade8"},"potentialAction":[{"@type":"SearchAction","target":{"@type":"EntryPoint","urlTemplate":"https:\/\/jeanchristophebattesti.ovh\/home\/?s={search_term_string}"},"query-input":{"@type":"PropertyValueSpecification","valueRequired":true,"valueName":"search_term_string"}}],"inLanguage":"fr-FR"},{"@type":["Person","Organization"],"@id":"https:\/\/jeanchristophebattesti.ovh\/home\/#\/schema\/person\/3d5e8c72a3ac7796b5c5db3ef306ade8","name":"Jean-Christophe Battesti","image":{"@type":"ImageObject","inLanguage":"fr-FR","@id":"https:\/\/secure.gravatar.com\/avatar\/7716b285541ce15eeba30e3e760a85301093fc16514e83328debe481c8fba2cc?s=96&d=mm&r=g","url":"https:\/\/secure.gravatar.com\/avatar\/7716b285541ce15eeba30e3e760a85301093fc16514e83328debe481c8fba2cc?s=96&d=mm&r=g","contentUrl":"https:\/\/secure.gravatar.com\/avatar\/7716b285541ce15eeba30e3e760a85301093fc16514e83328debe481c8fba2cc?s=96&d=mm&r=g","caption":"Jean-Christophe Battesti"},"logo":{"@id":"https:\/\/secure.gravatar.com\/avatar\/7716b285541ce15eeba30e3e760a85301093fc16514e83328debe481c8fba2cc?s=96&d=mm&r=g"}}]}},"_links":{"self":[{"href":"https:\/\/jeanchristophebattesti.ovh\/home\/index.php?rest_route=\/wp\/v2\/project\/1501","targetHints":{"allow":["GET"]}}],"collection":[{"href":"https:\/\/jeanchristophebattesti.ovh\/home\/index.php?rest_route=\/wp\/v2\/project"}],"about":[{"href":"https:\/\/jeanchristophebattesti.ovh\/home\/index.php?rest_route=\/wp\/v2\/types\/project"}],"author":[{"embeddable":true,"href":"https:\/\/jeanchristophebattesti.ovh\/home\/index.php?rest_route=\/wp\/v2\/users\/1"}],"replies":[{"embeddable":true,"href":"https:\/\/jeanchristophebattesti.ovh\/home\/index.php?rest_route=%2Fwp%2Fv2%2Fcomments&post=1501"}],"version-history":[{"count":12,"href":"https:\/\/jeanchristophebattesti.ovh\/home\/index.php?rest_route=\/wp\/v2\/project\/1501\/revisions"}],"predecessor-version":[{"id":2464,"href":"https:\/\/jeanchristophebattesti.ovh\/home\/index.php?rest_route=\/wp\/v2\/project\/1501\/revisions\/2464"}],"wp:featuredmedia":[{"embeddable":true,"href":"https:\/\/jeanchristophebattesti.ovh\/home\/index.php?rest_route=\/wp\/v2\/media\/1503"}],"wp:attachment":[{"href":"https:\/\/jeanchristophebattesti.ovh\/home\/index.php?rest_route=%2Fwp%2Fv2%2Fmedia&parent=1501"}],"wp:term":[{"taxonomy":"project_category","embeddable":true,"href":"https:\/\/jeanchristophebattesti.ovh\/home\/index.php?rest_route=%2Fwp%2Fv2%2Fproject_category&post=1501"},{"taxonomy":"project_tag","embeddable":true,"href":"https:\/\/jeanchristophebattesti.ovh\/home\/index.php?rest_route=%2Fwp%2Fv2%2Fproject_tag&post=1501"}],"curies":[{"name":"wp","href":"https:\/\/api.w.org\/{rel}","templated":true}]}}