{"id":2186,"date":"2024-12-24T11:50:47","date_gmt":"2024-12-24T10:50:47","guid":{"rendered":"https:\/\/jeanchristophebattesti.ovh\/home\/?post_type=project&#038;p=2186"},"modified":"2025-01-28T12:41:55","modified_gmt":"2025-01-28T11:41:55","slug":"maison-and-co","status":"publish","type":"project","link":"https:\/\/jeanchristophebattesti.ovh\/home\/?project=maison-and-co","title":{"rendered":"Salon Maison &amp; co"},"content":{"rendered":"<p>[et_pb_section fb_built=\u00a0\u00bb1&Prime; _builder_version=\u00a0\u00bb4.27.4&Prime; _module_preset=\u00a0\u00bbdefault\u00a0\u00bb global_colors_info=\u00a0\u00bb{}\u00a0\u00bb][et_pb_row _builder_version=\u00a0\u00bb4.20.0&Prime; _module_preset=\u00a0\u00bbdefault\u00a0\u00bb locked=\u00a0\u00bboff\u00a0\u00bb global_colors_info=\u00a0\u00bb{}\u00a0\u00bb][et_pb_column type=\u00a0\u00bb4_4&Prime; _builder_version=\u00a0\u00bb4.20.0&Prime; _module_preset=\u00a0\u00bbdefault\u00a0\u00bb global_colors_info=\u00a0\u00bb{}\u00a0\u00bb][et_pb_text quote_border_color=\u00a0\u00bb#006F9F\u00a0\u00bb _builder_version=\u00a0\u00bb4.27.4&Prime; _module_preset=\u00a0\u00bbdefault\u00a0\u00bb global_colors_info=\u00a0\u00bb{}\u00a0\u00bb]<\/p>\n<h1><span style=\"color: #006f9f;\">Salon Maison &amp; co<\/span><\/h1>\n<blockquote><\/blockquote>\n<p><span>Organis\u00e9 en d\u00e9but d&rsquo;ann\u00e9e \u00e0 l&rsquo;Hippodrome de Marcq-en-Bar\u0153ul, le salon Maison &amp; co est un \u00e9v\u00e9nement incontournable pour les professionnels de la maison. Il met en avant les derni\u00e8res tendances en mati\u00e8re de r\u00e9novation, d&rsquo;am\u00e9nagement int\u00e9rieur et ext\u00e9rieur. Ce salon r\u00e9pond aux attentes des visiteurs souhaitant am\u00e9liorer leur cadre de vie en rencontrant les meilleurs experts pour concr\u00e9tiser leurs projets dans le respect de l&rsquo;\u00e9co-responsabilit\u00e9 et du confort.<\/span><\/p>\n<blockquote>\n<p><span style=\"color: #006f9f;\"><strong>Nouvelle identit\u00e9 visuelle<\/strong> <\/span>pour le salon Maison &amp; co<br \/>Cr\u00e9ation graphique du site internet, plaquettes, invitations, dossiers d&rsquo;inscription, annonces presse\u2026<\/p>\n<\/blockquote>\n<p>[\/et_pb_text][et_pb_image src=\u00a0\u00bbhttps:\/\/jeanchristophebattesti.ovh\/home\/wp-content\/uploads\/2024\/12\/Maisonco3.jpg\u00a0\u00bb title_text=\u00a0\u00bbMockups Design\u00a0\u00bb _builder_version=\u00a0\u00bb4.27.4&Prime; _module_preset=\u00a0\u00bbdefault\u00a0\u00bb global_colors_info=\u00a0\u00bb{}\u00a0\u00bb][\/et_pb_image][et_pb_image src=\u00a0\u00bbhttps:\/\/jeanchristophebattesti.ovh\/home\/wp-content\/uploads\/2024\/12\/Maisonco4.jpg\u00a0\u00bb title_text=\u00a0\u00bbMockups Design\u00a0\u00bb _builder_version=\u00a0\u00bb4.27.4&Prime; _module_preset=\u00a0\u00bbdefault\u00a0\u00bb global_colors_info=\u00a0\u00bb{}\u00a0\u00bb][\/et_pb_image][et_pb_image src=\u00a0\u00bbhttps:\/\/jeanchristophebattesti.ovh\/home\/wp-content\/uploads\/2024\/12\/Maisonco1.jpg\u00a0\u00bb title_text=\u00a0\u00bbMaison&#038;co1&Prime; _builder_version=\u00a0\u00bb4.27.4&Prime; _module_preset=\u00a0\u00bbdefault\u00a0\u00bb global_colors_info=\u00a0\u00bb{}\u00a0\u00bb][\/et_pb_image][et_pb_image src=\u00a0\u00bbhttps:\/\/jeanchristophebattesti.ovh\/home\/wp-content\/uploads\/2025\/01\/Maisonco5.jpg\u00a0\u00bb title_text=\u00a0\u00bbMockups Design\u00a0\u00bb _builder_version=\u00a0\u00bb4.27.4&Prime; _module_preset=\u00a0\u00bbdefault\u00a0\u00bb global_colors_info=\u00a0\u00bb{}\u00a0\u00bb][\/et_pb_image][et_pb_image src=\u00a0\u00bbhttps:\/\/jeanchristophebattesti.ovh\/home\/wp-content\/uploads\/2024\/12\/Maisonco6.jpg\u00a0\u00bb title_text=\u00a0\u00bbMockups Design\u00a0\u00bb _builder_version=\u00a0\u00bb4.27.4&Prime; _module_preset=\u00a0\u00bbdefault\u00a0\u00bb global_colors_info=\u00a0\u00bb{}\u00a0\u00bb][\/et_pb_image][et_pb_image src=\u00a0\u00bbhttps:\/\/jeanchristophebattesti.ovh\/home\/wp-content\/uploads\/2024\/12\/Maisonco2.jpg\u00a0\u00bb title_text=\u00a0\u00bbMaison&#038;co2&Prime; _builder_version=\u00a0\u00bb4.27.4&Prime; _module_preset=\u00a0\u00bbdefault\u00a0\u00bb global_colors_info=\u00a0\u00bb{}\u00a0\u00bb][\/et_pb_image][et_pb_post_nav _builder_version=\u00a0\u00bb4.27.4&Prime; _module_preset=\u00a0\u00bbdefault\u00a0\u00bb title_text_color=\u00a0\u00bb#006F9F\u00a0\u00bb custom_margin=\u00a0\u00bb0px||15px||false|false\u00a0\u00bb custom_padding=\u00a0\u00bb0px||100px||false|false\u00a0\u00bb locked=\u00a0\u00bboff\u00a0\u00bb global_colors_info=\u00a0\u00bb{}\u00a0\u00bb][\/et_pb_post_nav][\/et_pb_column][\/et_pb_row][\/et_pb_section]<\/p>\n","protected":false},"excerpt":{"rendered":"<p>Salon Maison &amp; co Organis\u00e9 en d\u00e9but d&rsquo;ann\u00e9e \u00e0 l&rsquo;Hippodrome de Marcq-en-Bar\u0153ul, le salon Maison &amp; co est un \u00e9v\u00e9nement incontournable pour les professionnels de la maison. Il met en avant les derni\u00e8res tendances en mati\u00e8re de r\u00e9novation, d&rsquo;am\u00e9nagement int\u00e9rieur et ext\u00e9rieur. Ce salon r\u00e9pond aux attentes des visiteurs souhaitant am\u00e9liorer leur cadre de vie [&hellip;]<\/p>\n","protected":false},"author":1,"featured_media":2304,"comment_status":"open","ping_status":"closed","template":"","meta":{"_et_pb_use_builder":"on","_et_pb_old_content":"","_et_gb_content_width":"","footnotes":""},"project_category":[],"project_tag":[],"class_list":["post-2186","project","type-project","status-publish","has-post-thumbnail","hentry"],"yoast_head":"<!-- This site is optimized with the Yoast SEO plugin v27.4 - https:\/\/yoast.com\/product\/yoast-seo-wordpress\/ -->\n<title>Salon Maison &amp; co - Jean-Christophe Battesti<\/title>\n<meta name=\"robots\" content=\"index, follow, max-snippet:-1, max-image-preview:large, max-video-preview:-1\" \/>\n<link rel=\"canonical\" href=\"https:\/\/jeanchristophebattesti.ovh\/home\/?project=maison-and-co\" \/>\n<meta property=\"og:locale\" content=\"fr_FR\" \/>\n<meta property=\"og:type\" content=\"article\" \/>\n<meta property=\"og:title\" content=\"Salon Maison &amp; co - Jean-Christophe Battesti\" \/>\n<meta property=\"og:description\" content=\"Salon Maison &amp; co Organis\u00e9 en d\u00e9but d&#039;ann\u00e9e \u00e0 l&#039;Hippodrome de Marcq-en-Bar\u0153ul, le salon Maison &amp; co est un \u00e9v\u00e9nement incontournable pour les professionnels de la maison. Il met en avant les derni\u00e8res tendances en mati\u00e8re de r\u00e9novation, d&#039;am\u00e9nagement int\u00e9rieur et ext\u00e9rieur. Ce salon r\u00e9pond aux attentes des visiteurs souhaitant am\u00e9liorer leur cadre de vie [&hellip;]\" \/>\n<meta property=\"og:url\" content=\"https:\/\/jeanchristophebattesti.ovh\/home\/?project=maison-and-co\" \/>\n<meta property=\"og:site_name\" content=\"Jean-Christophe Battesti\" \/>\n<meta property=\"article:modified_time\" content=\"2025-01-28T11:41:55+00:00\" \/>\n<meta property=\"og:image\" content=\"https:\/\/jeanchristophebattesti.ovh\/home\/wp-content\/uploads\/2024\/12\/Maisonco3.jpg\" \/>\n\t<meta property=\"og:image:width\" content=\"1080\" \/>\n\t<meta property=\"og:image:height\" content=\"689\" \/>\n\t<meta property=\"og:image:type\" content=\"image\/jpeg\" \/>\n<meta name=\"twitter:card\" content=\"summary_large_image\" \/>\n<meta name=\"twitter:label1\" content=\"Dur\u00e9e de lecture estim\u00e9e\" \/>\n\t<meta name=\"twitter:data1\" content=\"2 minutes\" \/>\n<script type=\"application\/ld+json\" class=\"yoast-schema-graph\">{\"@context\":\"https:\\\/\\\/schema.org\",\"@graph\":[{\"@type\":\"WebPage\",\"@id\":\"https:\\\/\\\/jeanchristophebattesti.ovh\\\/home\\\/?project=maison-and-co\",\"url\":\"https:\\\/\\\/jeanchristophebattesti.ovh\\\/home\\\/?project=maison-and-co\",\"name\":\"Salon Maison &amp; co - Jean-Christophe Battesti\",\"isPartOf\":{\"@id\":\"https:\\\/\\\/jeanchristophebattesti.ovh\\\/home\\\/#website\"},\"primaryImageOfPage\":{\"@id\":\"https:\\\/\\\/jeanchristophebattesti.ovh\\\/home\\\/?project=maison-and-co#primaryimage\"},\"image\":{\"@id\":\"https:\\\/\\\/jeanchristophebattesti.ovh\\\/home\\\/?project=maison-and-co#primaryimage\"},\"thumbnailUrl\":\"https:\\\/\\\/jeanchristophebattesti.ovh\\\/home\\\/wp-content\\\/uploads\\\/2024\\\/12\\\/Maisonco3.jpg\",\"datePublished\":\"2024-12-24T10:50:47+00:00\",\"dateModified\":\"2025-01-28T11:41:55+00:00\",\"breadcrumb\":{\"@id\":\"https:\\\/\\\/jeanchristophebattesti.ovh\\\/home\\\/?project=maison-and-co#breadcrumb\"},\"inLanguage\":\"fr-FR\",\"potentialAction\":[{\"@type\":\"ReadAction\",\"target\":[\"https:\\\/\\\/jeanchristophebattesti.ovh\\\/home\\\/?project=maison-and-co\"]}]},{\"@type\":\"ImageObject\",\"inLanguage\":\"fr-FR\",\"@id\":\"https:\\\/\\\/jeanchristophebattesti.ovh\\\/home\\\/?project=maison-and-co#primaryimage\",\"url\":\"https:\\\/\\\/jeanchristophebattesti.ovh\\\/home\\\/wp-content\\\/uploads\\\/2024\\\/12\\\/Maisonco3.jpg\",\"contentUrl\":\"https:\\\/\\\/jeanchristophebattesti.ovh\\\/home\\\/wp-content\\\/uploads\\\/2024\\\/12\\\/Maisonco3.jpg\",\"width\":1080,\"height\":689,\"caption\":\"mockups-design.com\"},{\"@type\":\"BreadcrumbList\",\"@id\":\"https:\\\/\\\/jeanchristophebattesti.ovh\\\/home\\\/?project=maison-and-co#breadcrumb\",\"itemListElement\":[{\"@type\":\"ListItem\",\"position\":1,\"name\":\"Accueil\",\"item\":\"https:\\\/\\\/jeanchristophebattesti.ovh\\\/home\\\/\"},{\"@type\":\"ListItem\",\"position\":2,\"name\":\"Projets\",\"item\":\"https:\\\/\\\/jeanchristophebattesti.ovh\\\/home\\\/?post_type=project\"},{\"@type\":\"ListItem\",\"position\":3,\"name\":\"Salon Maison &amp; co\"}]},{\"@type\":\"WebSite\",\"@id\":\"https:\\\/\\\/jeanchristophebattesti.ovh\\\/home\\\/#website\",\"url\":\"https:\\\/\\\/jeanchristophebattesti.ovh\\\/home\\\/\",\"name\":\"Jean-Christophe Battesti - Graphiste Freelance\",\"description\":\"Identit\u00e9 visuelle - Supports de communication\",\"publisher\":{\"@id\":\"https:\\\/\\\/jeanchristophebattesti.ovh\\\/home\\\/#\\\/schema\\\/person\\\/3d5e8c72a3ac7796b5c5db3ef306ade8\"},\"potentialAction\":[{\"@type\":\"SearchAction\",\"target\":{\"@type\":\"EntryPoint\",\"urlTemplate\":\"https:\\\/\\\/jeanchristophebattesti.ovh\\\/home\\\/?s={search_term_string}\"},\"query-input\":{\"@type\":\"PropertyValueSpecification\",\"valueRequired\":true,\"valueName\":\"search_term_string\"}}],\"inLanguage\":\"fr-FR\"},{\"@type\":[\"Person\",\"Organization\"],\"@id\":\"https:\\\/\\\/jeanchristophebattesti.ovh\\\/home\\\/#\\\/schema\\\/person\\\/3d5e8c72a3ac7796b5c5db3ef306ade8\",\"name\":\"Jean-Christophe Battesti\",\"image\":{\"@type\":\"ImageObject\",\"inLanguage\":\"fr-FR\",\"@id\":\"https:\\\/\\\/secure.gravatar.com\\\/avatar\\\/7716b285541ce15eeba30e3e760a85301093fc16514e83328debe481c8fba2cc?s=96&d=mm&r=g\",\"url\":\"https:\\\/\\\/secure.gravatar.com\\\/avatar\\\/7716b285541ce15eeba30e3e760a85301093fc16514e83328debe481c8fba2cc?s=96&d=mm&r=g\",\"contentUrl\":\"https:\\\/\\\/secure.gravatar.com\\\/avatar\\\/7716b285541ce15eeba30e3e760a85301093fc16514e83328debe481c8fba2cc?s=96&d=mm&r=g\",\"caption\":\"Jean-Christophe Battesti\"},\"logo\":{\"@id\":\"https:\\\/\\\/secure.gravatar.com\\\/avatar\\\/7716b285541ce15eeba30e3e760a85301093fc16514e83328debe481c8fba2cc?s=96&d=mm&r=g\"}}]}<\/script>\n<!-- \/ Yoast SEO plugin. -->","yoast_head_json":{"title":"Salon Maison &amp; co - Jean-Christophe Battesti","robots":{"index":"index","follow":"follow","max-snippet":"max-snippet:-1","max-image-preview":"max-image-preview:large","max-video-preview":"max-video-preview:-1"},"canonical":"https:\/\/jeanchristophebattesti.ovh\/home\/?project=maison-and-co","og_locale":"fr_FR","og_type":"article","og_title":"Salon Maison &amp; co - Jean-Christophe Battesti","og_description":"Salon Maison &amp; co Organis\u00e9 en d\u00e9but d'ann\u00e9e \u00e0 l'Hippodrome de Marcq-en-Bar\u0153ul, le salon Maison &amp; co est un \u00e9v\u00e9nement incontournable pour les professionnels de la maison. Il met en avant les derni\u00e8res tendances en mati\u00e8re de r\u00e9novation, d'am\u00e9nagement int\u00e9rieur et ext\u00e9rieur. Ce salon r\u00e9pond aux attentes des visiteurs souhaitant am\u00e9liorer leur cadre de vie [&hellip;]","og_url":"https:\/\/jeanchristophebattesti.ovh\/home\/?project=maison-and-co","og_site_name":"Jean-Christophe Battesti","article_modified_time":"2025-01-28T11:41:55+00:00","og_image":[{"width":1080,"height":689,"url":"https:\/\/jeanchristophebattesti.ovh\/home\/wp-content\/uploads\/2024\/12\/Maisonco3.jpg","type":"image\/jpeg"}],"twitter_card":"summary_large_image","twitter_misc":{"Dur\u00e9e de lecture estim\u00e9e":"2 minutes"},"schema":{"@context":"https:\/\/schema.org","@graph":[{"@type":"WebPage","@id":"https:\/\/jeanchristophebattesti.ovh\/home\/?project=maison-and-co","url":"https:\/\/jeanchristophebattesti.ovh\/home\/?project=maison-and-co","name":"Salon Maison &amp; co - Jean-Christophe Battesti","isPartOf":{"@id":"https:\/\/jeanchristophebattesti.ovh\/home\/#website"},"primaryImageOfPage":{"@id":"https:\/\/jeanchristophebattesti.ovh\/home\/?project=maison-and-co#primaryimage"},"image":{"@id":"https:\/\/jeanchristophebattesti.ovh\/home\/?project=maison-and-co#primaryimage"},"thumbnailUrl":"https:\/\/jeanchristophebattesti.ovh\/home\/wp-content\/uploads\/2024\/12\/Maisonco3.jpg","datePublished":"2024-12-24T10:50:47+00:00","dateModified":"2025-01-28T11:41:55+00:00","breadcrumb":{"@id":"https:\/\/jeanchristophebattesti.ovh\/home\/?project=maison-and-co#breadcrumb"},"inLanguage":"fr-FR","potentialAction":[{"@type":"ReadAction","target":["https:\/\/jeanchristophebattesti.ovh\/home\/?project=maison-and-co"]}]},{"@type":"ImageObject","inLanguage":"fr-FR","@id":"https:\/\/jeanchristophebattesti.ovh\/home\/?project=maison-and-co#primaryimage","url":"https:\/\/jeanchristophebattesti.ovh\/home\/wp-content\/uploads\/2024\/12\/Maisonco3.jpg","contentUrl":"https:\/\/jeanchristophebattesti.ovh\/home\/wp-content\/uploads\/2024\/12\/Maisonco3.jpg","width":1080,"height":689,"caption":"mockups-design.com"},{"@type":"BreadcrumbList","@id":"https:\/\/jeanchristophebattesti.ovh\/home\/?project=maison-and-co#breadcrumb","itemListElement":[{"@type":"ListItem","position":1,"name":"Accueil","item":"https:\/\/jeanchristophebattesti.ovh\/home\/"},{"@type":"ListItem","position":2,"name":"Projets","item":"https:\/\/jeanchristophebattesti.ovh\/home\/?post_type=project"},{"@type":"ListItem","position":3,"name":"Salon Maison &amp; co"}]},{"@type":"WebSite","@id":"https:\/\/jeanchristophebattesti.ovh\/home\/#website","url":"https:\/\/jeanchristophebattesti.ovh\/home\/","name":"Jean-Christophe Battesti - Graphiste Freelance","description":"Identit\u00e9 visuelle - Supports de communication","publisher":{"@id":"https:\/\/jeanchristophebattesti.ovh\/home\/#\/schema\/person\/3d5e8c72a3ac7796b5c5db3ef306ade8"},"potentialAction":[{"@type":"SearchAction","target":{"@type":"EntryPoint","urlTemplate":"https:\/\/jeanchristophebattesti.ovh\/home\/?s={search_term_string}"},"query-input":{"@type":"PropertyValueSpecification","valueRequired":true,"valueName":"search_term_string"}}],"inLanguage":"fr-FR"},{"@type":["Person","Organization"],"@id":"https:\/\/jeanchristophebattesti.ovh\/home\/#\/schema\/person\/3d5e8c72a3ac7796b5c5db3ef306ade8","name":"Jean-Christophe Battesti","image":{"@type":"ImageObject","inLanguage":"fr-FR","@id":"https:\/\/secure.gravatar.com\/avatar\/7716b285541ce15eeba30e3e760a85301093fc16514e83328debe481c8fba2cc?s=96&d=mm&r=g","url":"https:\/\/secure.gravatar.com\/avatar\/7716b285541ce15eeba30e3e760a85301093fc16514e83328debe481c8fba2cc?s=96&d=mm&r=g","contentUrl":"https:\/\/secure.gravatar.com\/avatar\/7716b285541ce15eeba30e3e760a85301093fc16514e83328debe481c8fba2cc?s=96&d=mm&r=g","caption":"Jean-Christophe Battesti"},"logo":{"@id":"https:\/\/secure.gravatar.com\/avatar\/7716b285541ce15eeba30e3e760a85301093fc16514e83328debe481c8fba2cc?s=96&d=mm&r=g"}}]}},"_links":{"self":[{"href":"https:\/\/jeanchristophebattesti.ovh\/home\/index.php?rest_route=\/wp\/v2\/project\/2186","targetHints":{"allow":["GET"]}}],"collection":[{"href":"https:\/\/jeanchristophebattesti.ovh\/home\/index.php?rest_route=\/wp\/v2\/project"}],"about":[{"href":"https:\/\/jeanchristophebattesti.ovh\/home\/index.php?rest_route=\/wp\/v2\/types\/project"}],"author":[{"embeddable":true,"href":"https:\/\/jeanchristophebattesti.ovh\/home\/index.php?rest_route=\/wp\/v2\/users\/1"}],"replies":[{"embeddable":true,"href":"https:\/\/jeanchristophebattesti.ovh\/home\/index.php?rest_route=%2Fwp%2Fv2%2Fcomments&post=2186"}],"version-history":[{"count":37,"href":"https:\/\/jeanchristophebattesti.ovh\/home\/index.php?rest_route=\/wp\/v2\/project\/2186\/revisions"}],"predecessor-version":[{"id":2468,"href":"https:\/\/jeanchristophebattesti.ovh\/home\/index.php?rest_route=\/wp\/v2\/project\/2186\/revisions\/2468"}],"wp:featuredmedia":[{"embeddable":true,"href":"https:\/\/jeanchristophebattesti.ovh\/home\/index.php?rest_route=\/wp\/v2\/media\/2304"}],"wp:attachment":[{"href":"https:\/\/jeanchristophebattesti.ovh\/home\/index.php?rest_route=%2Fwp%2Fv2%2Fmedia&parent=2186"}],"wp:term":[{"taxonomy":"project_category","embeddable":true,"href":"https:\/\/jeanchristophebattesti.ovh\/home\/index.php?rest_route=%2Fwp%2Fv2%2Fproject_category&post=2186"},{"taxonomy":"project_tag","embeddable":true,"href":"https:\/\/jeanchristophebattesti.ovh\/home\/index.php?rest_route=%2Fwp%2Fv2%2Fproject_tag&post=2186"}],"curies":[{"name":"wp","href":"https:\/\/api.w.org\/{rel}","templated":true}]}}